{"id":3303,"date":"2025-11-26T08:53:14","date_gmt":"2025-11-26T07:53:14","guid":{"rendered":"https:\/\/stegner-busreisen.at\/?post_type=tour&#038;p=3303"},"modified":"2025-12-11T14:20:40","modified_gmt":"2025-12-11T13:20:40","slug":"der-mur-radweg-auf-zwei-raedern-durchs-gruene-herz-oesterreichs","status":"publish","type":"tour","link":"https:\/\/stegner-busreisen.at\/index.php\/tours\/der-mur-radweg-auf-zwei-raedern-durchs-gruene-herz-oesterreichs\/","title":{"rendered":"Der Mur-Radweg &#8211; Auf zwei R\u00e4dern durchs gr\u00fcne Herz \u00d6sterreichs"},"content":{"rendered":"<p><span style=\"color: #000000\"><strong>Di, 08.09. \u2013 Do, 10.09.2026 | 3 Tage<\/strong><\/span><\/p>\n<p><span style=\"color: #000000\"><strong>1. Tag:<\/strong> 06.00 Uhr Abfahrt Andorf Volksfestgel\u00e4nde \u00fcber Salzburg nach Muhr, ein kleiner Ort am Talschluss im Lungau. Wir laden unsere R\u00e4der aus und folgen dem Lauf der Mur flussabw\u00e4rts auf dem Murradweg nach St. Michael im Lungau. \u00dcber Tamsweg geht es weiter nach Predlitz, an der Grenze von Salzburg und Steiermark gelegen, und Stadl an der Mur. Von dort ist es nicht mehr weit bis zu unserem heutigen \u00dcbernachtungsort; St. Lorenzen ob Murau.\u00a0 \u00a0 \u00a0ca. 60 km<\/span><\/p>\n<p>&nbsp;<\/p>\n<p><span style=\"color: #000000\"><strong>2. Tag:<\/strong> Nach dem Fr\u00fchst\u00fcck radeln wir durch eine landschaftliche Idylle von W\u00e4ldern und Wiesen. Wir durchqueren Murau, charmante Bezirkshauptstadt mit historischem Kern, und Unzmarkt-Frauenburg und genie\u00dfen immer wieder den Blick auf die Ausl\u00e4ufer der Niederen Tauern. Schlie\u00dflich erreichen wir Judenburg, bekannt f\u00fcr den h\u00f6chsten Stadtturm \u00d6sterreichs mit einem modernen Planetarium. Unsere heutige Unterkunft liegt in Fohnsdorf, eine kleine Nachbargemeinde von Zeltweg, nahe dem ber\u00fchmten Red Bull Ring.\u00a0 \u00a0 \u00a0ca. 63 km<\/span><\/p>\n<p>&nbsp;<\/p>\n<p><span style=\"color: #000000\"><strong>3. Tag:<\/strong> Auf unserer letzten Etappe durchradeln wir Ortschaften wie Knittelfeld, Kraubath an der Mur und St. Michael in Obersteiermark. Hier beginnt die Erlebnisregion Erzberg-Leoben und wir haben immer wieder sch\u00f6ne Ausblicke auf die umliegenden Berge. Wir erreichen Leoben, das mit Sehensw\u00fcrdigkeiten wie der G\u00f6sser Brauerei oder der Murpromenade \u00fcberzeugt. Weiter zum Mittagessen und R\u00e4der verladen. R\u00fcckkunft in Andorf bis ca. 18.00 Uhr.\u00a0 \u00a0 \u00a0 ca. 49 km<\/span><\/p>\n<p>&nbsp;<\/p>\n<p><span style=\"color: #000000\"><strong>Leistungen:<\/strong><\/span><\/p>\n<ul>\n<li><span style=\"color: #000000\">Komfortbusreise lt. Programm<\/span><\/li>\n<li><span style=\"color: #000000\">Maut, Geb\u00fchren und Steuern<\/span><\/li>\n<li><span style=\"color: #000000\">Bordjause<\/span><\/li>\n<li><span style=\"color: #000000\">2 \u00dcbernachtungen mit Halbpension<\/span><\/li>\n<li><span style=\"color: #000000\">2 Radbegleiter<\/span><\/li>\n<li><span style=\"color: #000000\">moderner Radanh\u00e4nger und Radwimpel<\/span><\/li>\n<\/ul>\n<p>&nbsp;<\/p>\n<p><span style=\"color: #000000\"><strong>\u20ac 350,- pro Person im DZ<\/strong><\/span><\/p>\n<p><span style=\"color: #000000\"><strong>\u20ac 75,- EZ-Zuschlag<\/strong><\/span><\/p>\n","protected":false},"excerpt":{"rendered":"<p>Di, 08.09. \u2013 Do, 10.09.2026 | 3 Tage 1. Tag: 06.00 Uhr Abfahrt Andorf Volksfestgel\u00e4nde \u00fcber Salzburg nach Muhr, ein kleiner Ort&hellip;<\/p>\n","protected":false},"author":4,"featured_media":3312,"comment_status":"closed","ping_status":"closed","template":"","tags":[],"includes":[],"statuses":[],"locations":[],"group_types":[],"tour_types":[61,119],"facilities":[],"languages":[],"service_types":[],"class_list":["post-3303","tour","type-tour","status-publish","has-post-thumbnail","hentry","tour_types-mehrtagesfahrten","tour_types-radreisen"],"aioseo_notices":[],"yoast_head":"<!-- This site is optimized with the Yoast SEO plugin v24.0 - https:\/\/yoast.com\/wordpress\/plugins\/seo\/ -->\n<title>Der Mur-Radweg - Auf zwei R\u00e4dern durchs gr\u00fcne Herz \u00d6sterreichs - Stegner Busreisen ****<\/title>\n<meta name=\"robots\" content=\"index, follow, max-snippet:-1, max-image-preview:large, max-video-preview:-1\" \/>\n<link rel=\"canonical\" href=\"https:\/\/stegner-busreisen.at\/index.php\/tours\/der-mur-radweg-auf-zwei-raedern-durchs-gruene-herz-oesterreichs\/\" \/>\n<meta property=\"og:locale\" content=\"de_DE\" \/>\n<meta property=\"og:type\" content=\"article\" \/>\n<meta property=\"og:title\" content=\"Der Mur-Radweg - Auf zwei R\u00e4dern durchs gr\u00fcne Herz \u00d6sterreichs - Stegner Busreisen ****\" \/>\n<meta property=\"og:description\" content=\"Di, 08.09. \u2013 Do, 10.09.2026 | 3 Tage 1. Tag: 06.00 Uhr Abfahrt Andorf Volksfestgel\u00e4nde \u00fcber Salzburg nach Muhr, ein kleiner Ort&hellip;\" \/>\n<meta property=\"og:url\" content=\"https:\/\/stegner-busreisen.at\/index.php\/tours\/der-mur-radweg-auf-zwei-raedern-durchs-gruene-herz-oesterreichs\/\" \/>\n<meta property=\"og:site_name\" content=\"Stegner Busreisen ****\" \/>\n<meta property=\"article:modified_time\" content=\"2025-12-11T13:20:40+00:00\" \/>\n<meta property=\"og:image\" content=\"http:\/\/stegner-busreisen.at\/wp-content\/uploads\/2025\/12\/15513_Steiermark-Tourismus-\u00a9Tom-Lamm-scaled.jpg\" \/>\n\t<meta property=\"og:image:width\" content=\"2560\" \/>\n\t<meta property=\"og:image:height\" content=\"1705\" \/>\n\t<meta property=\"og:image:type\" content=\"image\/jpeg\" \/>\n<meta name=\"twitter:card\" content=\"summary_large_image\" \/>\n<meta name=\"twitter:label1\" content=\"Gesch\u00e4tzte Lesezeit\" \/>\n\t<meta name=\"twitter:data1\" content=\"2 Minuten\" \/>\n<script type=\"application\/ld+json\" class=\"yoast-schema-graph\">{\"@context\":\"https:\/\/schema.org\",\"@graph\":[{\"@type\":\"WebPage\",\"@id\":\"https:\/\/stegner-busreisen.at\/index.php\/tours\/der-mur-radweg-auf-zwei-raedern-durchs-gruene-herz-oesterreichs\/\",\"url\":\"https:\/\/stegner-busreisen.at\/index.php\/tours\/der-mur-radweg-auf-zwei-raedern-durchs-gruene-herz-oesterreichs\/\",\"name\":\"Der Mur-Radweg - Auf zwei R\u00e4dern durchs gr\u00fcne Herz \u00d6sterreichs - Stegner Busreisen ****\",\"isPartOf\":{\"@id\":\"https:\/\/stegner-busreisen.at\/#website\"},\"primaryImageOfPage\":{\"@id\":\"https:\/\/stegner-busreisen.at\/index.php\/tours\/der-mur-radweg-auf-zwei-raedern-durchs-gruene-herz-oesterreichs\/#primaryimage\"},\"image\":{\"@id\":\"https:\/\/stegner-busreisen.at\/index.php\/tours\/der-mur-radweg-auf-zwei-raedern-durchs-gruene-herz-oesterreichs\/#primaryimage\"},\"thumbnailUrl\":\"https:\/\/stegner-busreisen.at\/wp-content\/uploads\/2025\/12\/15513_Steiermark-Tourismus-\u00a9Tom-Lamm-scaled.jpg\",\"datePublished\":\"2025-11-26T07:53:14+00:00\",\"dateModified\":\"2025-12-11T13:20:40+00:00\",\"breadcrumb\":{\"@id\":\"https:\/\/stegner-busreisen.at\/index.php\/tours\/der-mur-radweg-auf-zwei-raedern-durchs-gruene-herz-oesterreichs\/#breadcrumb\"},\"inLanguage\":\"de\",\"potentialAction\":[{\"@type\":\"ReadAction\",\"target\":[\"https:\/\/stegner-busreisen.at\/index.php\/tours\/der-mur-radweg-auf-zwei-raedern-durchs-gruene-herz-oesterreichs\/\"]}]},{\"@type\":\"ImageObject\",\"inLanguage\":\"de\",\"@id\":\"https:\/\/stegner-busreisen.at\/index.php\/tours\/der-mur-radweg-auf-zwei-raedern-durchs-gruene-herz-oesterreichs\/#primaryimage\",\"url\":\"https:\/\/stegner-busreisen.at\/wp-content\/uploads\/2025\/12\/15513_Steiermark-Tourismus-\u00a9Tom-Lamm-scaled.jpg\",\"contentUrl\":\"https:\/\/stegner-busreisen.at\/wp-content\/uploads\/2025\/12\/15513_Steiermark-Tourismus-\u00a9Tom-Lamm-scaled.jpg\",\"width\":2560,\"height\":1705},{\"@type\":\"BreadcrumbList\",\"@id\":\"https:\/\/stegner-busreisen.at\/index.php\/tours\/der-mur-radweg-auf-zwei-raedern-durchs-gruene-herz-oesterreichs\/#breadcrumb\",\"itemListElement\":[{\"@type\":\"ListItem\",\"position\":1,\"name\":\"Home\",\"item\":\"https:\/\/stegner-busreisen.at\/\"},{\"@type\":\"ListItem\",\"position\":2,\"name\":\"Reisen\",\"item\":\"https:\/\/stegner-busreisen.at\/index.php\/Reisen\/\"},{\"@type\":\"ListItem\",\"position\":3,\"name\":\"Der Mur-Radweg &#8211; Auf zwei R\u00e4dern durchs gr\u00fcne Herz \u00d6sterreichs\"}]},{\"@type\":\"WebSite\",\"@id\":\"https:\/\/stegner-busreisen.at\/#website\",\"url\":\"https:\/\/stegner-busreisen.at\/\",\"name\":\"Stegner Busreisen ****\",\"description\":\"Gehen Sie mit uns auf Reisen.\",\"publisher\":{\"@id\":\"https:\/\/stegner-busreisen.at\/#organization\"},\"potentialAction\":[{\"@type\":\"SearchAction\",\"target\":{\"@type\":\"EntryPoint\",\"urlTemplate\":\"https:\/\/stegner-busreisen.at\/?s={search_term_string}\"},\"query-input\":{\"@type\":\"PropertyValueSpecification\",\"valueRequired\":true,\"valueName\":\"search_term_string\"}}],\"inLanguage\":\"de\"},{\"@type\":\"Organization\",\"@id\":\"https:\/\/stegner-busreisen.at\/#organization\",\"name\":\"Stegner Busreisen ****\",\"url\":\"https:\/\/stegner-busreisen.at\/\",\"logo\":{\"@type\":\"ImageObject\",\"inLanguage\":\"de\",\"@id\":\"https:\/\/stegner-busreisen.at\/#\/schema\/logo\/image\/\",\"url\":\"https:\/\/stegner-busreisen.at\/wp-content\/uploads\/2022\/02\/logo-2.png\",\"contentUrl\":\"https:\/\/stegner-busreisen.at\/wp-content\/uploads\/2022\/02\/logo-2.png\",\"width\":189,\"height\":80,\"caption\":\"Stegner Busreisen ****\"},\"image\":{\"@id\":\"https:\/\/stegner-busreisen.at\/#\/schema\/logo\/image\/\"}}]}<\/script>\n<!-- \/ Yoast SEO plugin. -->","yoast_head_json":{"title":"Der Mur-Radweg - Auf zwei R\u00e4dern durchs gr\u00fcne Herz \u00d6sterreichs - Stegner Busreisen ****","robots":{"index":"index","follow":"follow","max-snippet":"max-snippet:-1","max-image-preview":"max-image-preview:large","max-video-preview":"max-video-preview:-1"},"canonical":"https:\/\/stegner-busreisen.at\/index.php\/tours\/der-mur-radweg-auf-zwei-raedern-durchs-gruene-herz-oesterreichs\/","og_locale":"de_DE","og_type":"article","og_title":"Der Mur-Radweg - Auf zwei R\u00e4dern durchs gr\u00fcne Herz \u00d6sterreichs - Stegner Busreisen ****","og_description":"Di, 08.09. \u2013 Do, 10.09.2026 | 3 Tage 1. Tag: 06.00 Uhr Abfahrt Andorf Volksfestgel\u00e4nde \u00fcber Salzburg nach Muhr, ein kleiner Ort&hellip;","og_url":"https:\/\/stegner-busreisen.at\/index.php\/tours\/der-mur-radweg-auf-zwei-raedern-durchs-gruene-herz-oesterreichs\/","og_site_name":"Stegner Busreisen ****","article_modified_time":"2025-12-11T13:20:40+00:00","og_image":[{"width":2560,"height":1705,"url":"http:\/\/stegner-busreisen.at\/wp-content\/uploads\/2025\/12\/15513_Steiermark-Tourismus-\u00a9Tom-Lamm-scaled.jpg","type":"image\/jpeg"}],"twitter_card":"summary_large_image","twitter_misc":{"Gesch\u00e4tzte Lesezeit":"2 Minuten"},"schema":{"@context":"https:\/\/schema.org","@graph":[{"@type":"WebPage","@id":"https:\/\/stegner-busreisen.at\/index.php\/tours\/der-mur-radweg-auf-zwei-raedern-durchs-gruene-herz-oesterreichs\/","url":"https:\/\/stegner-busreisen.at\/index.php\/tours\/der-mur-radweg-auf-zwei-raedern-durchs-gruene-herz-oesterreichs\/","name":"Der Mur-Radweg - Auf zwei R\u00e4dern durchs gr\u00fcne Herz \u00d6sterreichs - Stegner Busreisen ****","isPartOf":{"@id":"https:\/\/stegner-busreisen.at\/#website"},"primaryImageOfPage":{"@id":"https:\/\/stegner-busreisen.at\/index.php\/tours\/der-mur-radweg-auf-zwei-raedern-durchs-gruene-herz-oesterreichs\/#primaryimage"},"image":{"@id":"https:\/\/stegner-busreisen.at\/index.php\/tours\/der-mur-radweg-auf-zwei-raedern-durchs-gruene-herz-oesterreichs\/#primaryimage"},"thumbnailUrl":"https:\/\/stegner-busreisen.at\/wp-content\/uploads\/2025\/12\/15513_Steiermark-Tourismus-\u00a9Tom-Lamm-scaled.jpg","datePublished":"2025-11-26T07:53:14+00:00","dateModified":"2025-12-11T13:20:40+00:00","breadcrumb":{"@id":"https:\/\/stegner-busreisen.at\/index.php\/tours\/der-mur-radweg-auf-zwei-raedern-durchs-gruene-herz-oesterreichs\/#breadcrumb"},"inLanguage":"de","potentialAction":[{"@type":"ReadAction","target":["https:\/\/stegner-busreisen.at\/index.php\/tours\/der-mur-radweg-auf-zwei-raedern-durchs-gruene-herz-oesterreichs\/"]}]},{"@type":"ImageObject","inLanguage":"de","@id":"https:\/\/stegner-busreisen.at\/index.php\/tours\/der-mur-radweg-auf-zwei-raedern-durchs-gruene-herz-oesterreichs\/#primaryimage","url":"https:\/\/stegner-busreisen.at\/wp-content\/uploads\/2025\/12\/15513_Steiermark-Tourismus-\u00a9Tom-Lamm-scaled.jpg","contentUrl":"https:\/\/stegner-busreisen.at\/wp-content\/uploads\/2025\/12\/15513_Steiermark-Tourismus-\u00a9Tom-Lamm-scaled.jpg","width":2560,"height":1705},{"@type":"BreadcrumbList","@id":"https:\/\/stegner-busreisen.at\/index.php\/tours\/der-mur-radweg-auf-zwei-raedern-durchs-gruene-herz-oesterreichs\/#breadcrumb","itemListElement":[{"@type":"ListItem","position":1,"name":"Home","item":"https:\/\/stegner-busreisen.at\/"},{"@type":"ListItem","position":2,"name":"Reisen","item":"https:\/\/stegner-busreisen.at\/index.php\/Reisen\/"},{"@type":"ListItem","position":3,"name":"Der Mur-Radweg &#8211; Auf zwei R\u00e4dern durchs gr\u00fcne Herz \u00d6sterreichs"}]},{"@type":"WebSite","@id":"https:\/\/stegner-busreisen.at\/#website","url":"https:\/\/stegner-busreisen.at\/","name":"Stegner Busreisen ****","description":"Gehen Sie mit uns auf Reisen.","publisher":{"@id":"https:\/\/stegner-busreisen.at\/#organization"},"potentialAction":[{"@type":"SearchAction","target":{"@type":"EntryPoint","urlTemplate":"https:\/\/stegner-busreisen.at\/?s={search_term_string}"},"query-input":{"@type":"PropertyValueSpecification","valueRequired":true,"valueName":"search_term_string"}}],"inLanguage":"de"},{"@type":"Organization","@id":"https:\/\/stegner-busreisen.at\/#organization","name":"Stegner Busreisen ****","url":"https:\/\/stegner-busreisen.at\/","logo":{"@type":"ImageObject","inLanguage":"de","@id":"https:\/\/stegner-busreisen.at\/#\/schema\/logo\/image\/","url":"https:\/\/stegner-busreisen.at\/wp-content\/uploads\/2022\/02\/logo-2.png","contentUrl":"https:\/\/stegner-busreisen.at\/wp-content\/uploads\/2022\/02\/logo-2.png","width":189,"height":80,"caption":"Stegner Busreisen ****"},"image":{"@id":"https:\/\/stegner-busreisen.at\/#\/schema\/logo\/image\/"}}]}},"publishpress_future_action":{"enabled":true,"date":"2026-09-08 01:00:00","action":"change-status","newStatus":"draft","terms":[0],"taxonomy":"includes"},"publishpress_future_workflow_manual_trigger":{"enabledWorkflows":[]},"cmb2":{"tour_general":{"tour_id":"","tour_from_date":"","tour_to_date":"","tour_cancellation_policy":"","tour_departure_city":"","tour_end_city":"","tour_maximum_people":"","tour_contract":"","tour_header_image":"http:\/\/stegner-busreisen.at\/wp-content\/uploads\/2025\/12\/15513_Steiermark-Tourismus-\u00a9Tom-Lamm-scaled.jpg","tour_header_image_id":"3312","tour_gallery":{"3312":"http:\/\/stegner-busreisen.at\/wp-content\/uploads\/2025\/12\/15513_Steiermark-Tourismus-\u00a9Tom-Lamm-scaled.jpg","3313":"http:\/\/stegner-busreisen.at\/wp-content\/uploads\/2025\/12\/16579_\u00a9STG-Jesse-Streibl-scaled.jpg"},"tour_plans":"","tour_video":"","tour_add_to_slider":"on","tour_slider_image":"http:\/\/stegner-busreisen.at\/wp-content\/uploads\/2025\/12\/15513_Steiermark-Tourismus-\u00a9Tom-Lamm-scaled.jpg","tour_slider_image_id":"3312","tour_best_time_to_visit":"","tour_before_you_go":"","tour_highlights":"","tour_parent_tour":""},"tour_flags":{"tour_featured":"","tour_sticky":"","tour_reduced":"","tour_sold":""},"tour_contact":{"tour_contact_name":"","tour_contact_phone":""},"tour_pricing":{"tour_price":"","tour_discount_rate":"","tour_sale_price":"350","tour_price_prefix":"","tour_price_suffix":"","tour_price_custom":""},"tour_adult_pricing":{"tour_adult_age_range":"","tour_adult_price":"","tour_adult_price_desc":"","tour_adult_price_prefix":"","tour_adult_price_suffix":"","tour_adult_price_custom":"","tour_adult_discount_price":""},"tour_senior_pricing":{"tour_senior_age_range":"","tour_senior_price":"","tour_senior_price_desc":"","tour_senior_price_prefix":"","tour_senior_price_suffix":"","tour_senior_price_custom":"","tour_senior_discount_price":""},"tour_child_pricing":{"tour_child_age_range":"","tour_child_price":"","tour_child_price_desc":"","tour_child_price_prefix":"","tour_child_price_suffix":"","tour_child_price_custom":"","tour_child_discount_price":""},"tour_attributes":{"tour_days":"","tour_nights":"","tour_hours":"","tour_minutes":""},"tour_faq":{"tour_faq_group":""},"tour_public_facilities":{"tour_public_facilities_group":[{"tour_public_facilities_key":"0"}]},"tour_programs":{"tour_programs_group":""},"tour_map_location":{"tour_address":"","tour_map_location":{"latitude":"","longitude":""}},"tour_relations":{"tour_agents":""},"tour_product_info":{"tour_product_id":"3304"},"tour_single_page_style":{"tour_page_style":""}},"_links":{"self":[{"href":"https:\/\/stegner-busreisen.at\/index.php\/wp-json\/wp\/v2\/tour\/3303","targetHints":{"allow":["GET"]}}],"collection":[{"href":"https:\/\/stegner-busreisen.at\/index.php\/wp-json\/wp\/v2\/tour"}],"about":[{"href":"https:\/\/stegner-busreisen.at\/index.php\/wp-json\/wp\/v2\/types\/tour"}],"author":[{"embeddable":true,"href":"https:\/\/stegner-busreisen.at\/index.php\/wp-json\/wp\/v2\/users\/4"}],"replies":[{"embeddable":true,"href":"https:\/\/stegner-busreisen.at\/index.php\/wp-json\/wp\/v2\/comments?post=3303"}],"wp:featuredmedia":[{"embeddable":true,"href":"https:\/\/stegner-busreisen.at\/index.php\/wp-json\/wp\/v2\/media\/3312"}],"wp:attachment":[{"href":"https:\/\/stegner-busreisen.at\/index.php\/wp-json\/wp\/v2\/media?parent=3303"}],"wp:term":[{"taxonomy":"post_tag","embeddable":true,"href":"https:\/\/stegner-busreisen.at\/index.php\/wp-json\/wp\/v2\/tags?post=3303"},{"taxonomy":"includes","embeddable":true,"href":"https:\/\/stegner-busreisen.at\/index.php\/wp-json\/wp\/v2\/includes?post=3303"},{"taxonomy":"statuses","embeddable":true,"href":"https:\/\/stegner-busreisen.at\/index.php\/wp-json\/wp\/v2\/statuses?post=3303"},{"taxonomy":"locations","embeddable":true,"href":"https:\/\/stegner-busreisen.at\/index.php\/wp-json\/wp\/v2\/locations?post=3303"},{"taxonomy":"group_types","embeddable":true,"href":"https:\/\/stegner-busreisen.at\/index.php\/wp-json\/wp\/v2\/group_types?post=3303"},{"taxonomy":"tour_types","embeddable":true,"href":"https:\/\/stegner-busreisen.at\/index.php\/wp-json\/wp\/v2\/tour_types?post=3303"},{"taxonomy":"facilities","embeddable":true,"href":"https:\/\/stegner-busreisen.at\/index.php\/wp-json\/wp\/v2\/facilities?post=3303"},{"taxonomy":"languages","embeddable":true,"href":"https:\/\/stegner-busreisen.at\/index.php\/wp-json\/wp\/v2\/languages?post=3303"},{"taxonomy":"service_types","embeddable":true,"href":"https:\/\/stegner-busreisen.at\/index.php\/wp-json\/wp\/v2\/service_types?post=3303"}],"curies":[{"name":"wp","href":"https:\/\/api.w.org\/{rel}","templated":true}]}}