{"id":3365,"date":"2025-11-25T10:46:14","date_gmt":"2025-11-25T09:46:14","guid":{"rendered":"https:\/\/stegner-busreisen.at\/?post_type=tour&#038;p=3365"},"modified":"2025-12-11T13:22:54","modified_gmt":"2025-12-11T12:22:54","slug":"almabtrieb-und-bauernherbst-in-wagrain-tradition-im-salzburger-pongau","status":"publish","type":"tour","link":"https:\/\/stegner-busreisen.at\/index.php\/tours\/almabtrieb-und-bauernherbst-in-wagrain-tradition-im-salzburger-pongau\/","title":{"rendered":"Almabtrieb und Bauernherbst in Wagrain &#8211; Tradition im Salzburger Pongau"},"content":{"rendered":"<p><span style=\"color: #000000\"><strong>Sa, 19.09.2026<\/strong><\/span><\/p>\n<p><span style=\"color: #000000\">07.30 Uhr Abfahrt Andorf Volksfestgel\u00e4nde zum Bauernherbst in Wagrain. Bei der f\u00fcnften Jahreszeit dreht sich im Salzburger Land alles um regionalen Genuss. Wir haben die M\u00f6glichkeit, das b\u00e4uerliche Leben, Handwerksvorf\u00fchrungen und Brauchtumsveranstaltungen kennenzulernen. Nicht fehlen d\u00fcrfen dabei nat\u00fcrlich die traditionellen Almabtriebe. Geschm\u00fcckt mit Blumen, Glocken und B\u00e4ndern werden die Tiere zum Sommerende von der Alm ins Tal gebracht. F\u00fcr unser leibliches Wohl sorgen die Wagrainer B\u00e4uerinnen und Bauern mit Fleischkrapfen, Bratw\u00fcrstel, Bauernkrapfen sowie Kaffee, Kuchen und vielen weiteren Leckereien. Mit dabei sind auch wieder die Wagrainer Herreiter und die Goasslschnalzer. Die Strochner B\u00f6hmische unterh\u00e4lt uns musikalisch. Direkte Heimreise nach Andorf. R\u00fcckkunft bis ca. 20.00 Uhr.<\/span><\/p>\n<p>&nbsp;<\/p>\n<p><span style=\"color: #000000\"><strong>Leistungen:<\/strong><\/span><\/p>\n<ul>\n<li><span style=\"color: #000000\">Komfortbusreise lt. Programm<\/span><\/li>\n<li><span style=\"color: #000000\">Maut, Geb\u00fchren und Steuern<\/span><\/li>\n<\/ul>\n<p>&nbsp;<\/p>\n<p><span style=\"color: #000000\"><strong>\u20ac 48,- pro Person<\/strong><\/span><\/p>\n","protected":false},"excerpt":{"rendered":"<p>Sa, 19.09.2026 07.30 Uhr Abfahrt Andorf Volksfestgel\u00e4nde zum Bauernherbst in Wagrain. Bei der f\u00fcnften Jahreszeit dreht sich im Salzburger Land alles um&hellip;<\/p>\n","protected":false},"author":4,"featured_media":3366,"comment_status":"closed","ping_status":"closed","template":"","tags":[],"includes":[],"statuses":[],"locations":[],"group_types":[],"tour_types":[93],"facilities":[],"languages":[],"service_types":[],"class_list":["post-3365","tour","type-tour","status-publish","has-post-thumbnail","hentry","tour_types-tagesfahrten"],"aioseo_notices":[],"yoast_head":"<!-- This site is optimized with the Yoast SEO plugin v24.0 - https:\/\/yoast.com\/wordpress\/plugins\/seo\/ -->\n<title>Almabtrieb und Bauernherbst in Wagrain - Tradition im Salzburger Pongau - Stegner Busreisen ****<\/title>\n<meta name=\"robots\" content=\"index, follow, max-snippet:-1, max-image-preview:large, max-video-preview:-1\" \/>\n<link rel=\"canonical\" href=\"https:\/\/stegner-busreisen.at\/index.php\/tours\/almabtrieb-und-bauernherbst-in-wagrain-tradition-im-salzburger-pongau\/\" \/>\n<meta property=\"og:locale\" content=\"de_DE\" \/>\n<meta property=\"og:type\" content=\"article\" \/>\n<meta property=\"og:title\" content=\"Almabtrieb und Bauernherbst in Wagrain - Tradition im Salzburger Pongau - Stegner Busreisen ****\" \/>\n<meta property=\"og:description\" content=\"Sa, 19.09.2026 07.30 Uhr Abfahrt Andorf Volksfestgel\u00e4nde zum Bauernherbst in Wagrain. Bei der f\u00fcnften Jahreszeit dreht sich im Salzburger Land alles um&hellip;\" \/>\n<meta property=\"og:url\" content=\"https:\/\/stegner-busreisen.at\/index.php\/tours\/almabtrieb-und-bauernherbst-in-wagrain-tradition-im-salzburger-pongau\/\" \/>\n<meta property=\"og:site_name\" content=\"Stegner Busreisen ****\" \/>\n<meta property=\"article:modified_time\" content=\"2025-12-11T12:22:54+00:00\" \/>\n<meta property=\"og:image\" content=\"http:\/\/stegner-busreisen.at\/wp-content\/uploads\/2025\/12\/18_Wagrain-Kleinarl_Almabtrieb_cBeneOberhuber-scaled.jpg\" \/>\n\t<meta property=\"og:image:width\" content=\"2560\" \/>\n\t<meta property=\"og:image:height\" content=\"1700\" \/>\n\t<meta property=\"og:image:type\" content=\"image\/jpeg\" \/>\n<meta name=\"twitter:card\" content=\"summary_large_image\" \/>\n<meta name=\"twitter:label1\" content=\"Gesch\u00e4tzte Lesezeit\" \/>\n\t<meta name=\"twitter:data1\" content=\"1 Minute\" \/>\n<script type=\"application\/ld+json\" class=\"yoast-schema-graph\">{\"@context\":\"https:\/\/schema.org\",\"@graph\":[{\"@type\":\"WebPage\",\"@id\":\"https:\/\/stegner-busreisen.at\/index.php\/tours\/almabtrieb-und-bauernherbst-in-wagrain-tradition-im-salzburger-pongau\/\",\"url\":\"https:\/\/stegner-busreisen.at\/index.php\/tours\/almabtrieb-und-bauernherbst-in-wagrain-tradition-im-salzburger-pongau\/\",\"name\":\"Almabtrieb und Bauernherbst in Wagrain - Tradition im Salzburger Pongau - Stegner Busreisen ****\",\"isPartOf\":{\"@id\":\"https:\/\/stegner-busreisen.at\/#website\"},\"primaryImageOfPage\":{\"@id\":\"https:\/\/stegner-busreisen.at\/index.php\/tours\/almabtrieb-und-bauernherbst-in-wagrain-tradition-im-salzburger-pongau\/#primaryimage\"},\"image\":{\"@id\":\"https:\/\/stegner-busreisen.at\/index.php\/tours\/almabtrieb-und-bauernherbst-in-wagrain-tradition-im-salzburger-pongau\/#primaryimage\"},\"thumbnailUrl\":\"https:\/\/stegner-busreisen.at\/wp-content\/uploads\/2025\/12\/18_Wagrain-Kleinarl_Almabtrieb_cBeneOberhuber-scaled.jpg\",\"datePublished\":\"2025-11-25T09:46:14+00:00\",\"dateModified\":\"2025-12-11T12:22:54+00:00\",\"breadcrumb\":{\"@id\":\"https:\/\/stegner-busreisen.at\/index.php\/tours\/almabtrieb-und-bauernherbst-in-wagrain-tradition-im-salzburger-pongau\/#breadcrumb\"},\"inLanguage\":\"de\",\"potentialAction\":[{\"@type\":\"ReadAction\",\"target\":[\"https:\/\/stegner-busreisen.at\/index.php\/tours\/almabtrieb-und-bauernherbst-in-wagrain-tradition-im-salzburger-pongau\/\"]}]},{\"@type\":\"ImageObject\",\"inLanguage\":\"de\",\"@id\":\"https:\/\/stegner-busreisen.at\/index.php\/tours\/almabtrieb-und-bauernherbst-in-wagrain-tradition-im-salzburger-pongau\/#primaryimage\",\"url\":\"https:\/\/stegner-busreisen.at\/wp-content\/uploads\/2025\/12\/18_Wagrain-Kleinarl_Almabtrieb_cBeneOberhuber-scaled.jpg\",\"contentUrl\":\"https:\/\/stegner-busreisen.at\/wp-content\/uploads\/2025\/12\/18_Wagrain-Kleinarl_Almabtrieb_cBeneOberhuber-scaled.jpg\",\"width\":2560,\"height\":1700,\"caption\":\"Almabtrieb durch Wagrain\"},{\"@type\":\"BreadcrumbList\",\"@id\":\"https:\/\/stegner-busreisen.at\/index.php\/tours\/almabtrieb-und-bauernherbst-in-wagrain-tradition-im-salzburger-pongau\/#breadcrumb\",\"itemListElement\":[{\"@type\":\"ListItem\",\"position\":1,\"name\":\"Home\",\"item\":\"https:\/\/stegner-busreisen.at\/\"},{\"@type\":\"ListItem\",\"position\":2,\"name\":\"Reisen\",\"item\":\"https:\/\/stegner-busreisen.at\/index.php\/Reisen\/\"},{\"@type\":\"ListItem\",\"position\":3,\"name\":\"Almabtrieb und Bauernherbst in Wagrain &#8211; Tradition im Salzburger Pongau\"}]},{\"@type\":\"WebSite\",\"@id\":\"https:\/\/stegner-busreisen.at\/#website\",\"url\":\"https:\/\/stegner-busreisen.at\/\",\"name\":\"Stegner Busreisen ****\",\"description\":\"Gehen Sie mit uns auf Reisen.\",\"publisher\":{\"@id\":\"https:\/\/stegner-busreisen.at\/#organization\"},\"potentialAction\":[{\"@type\":\"SearchAction\",\"target\":{\"@type\":\"EntryPoint\",\"urlTemplate\":\"https:\/\/stegner-busreisen.at\/?s={search_term_string}\"},\"query-input\":{\"@type\":\"PropertyValueSpecification\",\"valueRequired\":true,\"valueName\":\"search_term_string\"}}],\"inLanguage\":\"de\"},{\"@type\":\"Organization\",\"@id\":\"https:\/\/stegner-busreisen.at\/#organization\",\"name\":\"Stegner Busreisen ****\",\"url\":\"https:\/\/stegner-busreisen.at\/\",\"logo\":{\"@type\":\"ImageObject\",\"inLanguage\":\"de\",\"@id\":\"https:\/\/stegner-busreisen.at\/#\/schema\/logo\/image\/\",\"url\":\"https:\/\/stegner-busreisen.at\/wp-content\/uploads\/2022\/02\/logo-2.png\",\"contentUrl\":\"https:\/\/stegner-busreisen.at\/wp-content\/uploads\/2022\/02\/logo-2.png\",\"width\":189,\"height\":80,\"caption\":\"Stegner Busreisen ****\"},\"image\":{\"@id\":\"https:\/\/stegner-busreisen.at\/#\/schema\/logo\/image\/\"}}]}<\/script>\n<!-- \/ Yoast SEO plugin. -->","yoast_head_json":{"title":"Almabtrieb und Bauernherbst in Wagrain - Tradition im Salzburger Pongau - Stegner Busreisen ****","robots":{"index":"index","follow":"follow","max-snippet":"max-snippet:-1","max-image-preview":"max-image-preview:large","max-video-preview":"max-video-preview:-1"},"canonical":"https:\/\/stegner-busreisen.at\/index.php\/tours\/almabtrieb-und-bauernherbst-in-wagrain-tradition-im-salzburger-pongau\/","og_locale":"de_DE","og_type":"article","og_title":"Almabtrieb und Bauernherbst in Wagrain - Tradition im Salzburger Pongau - Stegner Busreisen ****","og_description":"Sa, 19.09.2026 07.30 Uhr Abfahrt Andorf Volksfestgel\u00e4nde zum Bauernherbst in Wagrain. Bei der f\u00fcnften Jahreszeit dreht sich im Salzburger Land alles um&hellip;","og_url":"https:\/\/stegner-busreisen.at\/index.php\/tours\/almabtrieb-und-bauernherbst-in-wagrain-tradition-im-salzburger-pongau\/","og_site_name":"Stegner Busreisen ****","article_modified_time":"2025-12-11T12:22:54+00:00","og_image":[{"width":2560,"height":1700,"url":"http:\/\/stegner-busreisen.at\/wp-content\/uploads\/2025\/12\/18_Wagrain-Kleinarl_Almabtrieb_cBeneOberhuber-scaled.jpg","type":"image\/jpeg"}],"twitter_card":"summary_large_image","twitter_misc":{"Gesch\u00e4tzte Lesezeit":"1 Minute"},"schema":{"@context":"https:\/\/schema.org","@graph":[{"@type":"WebPage","@id":"https:\/\/stegner-busreisen.at\/index.php\/tours\/almabtrieb-und-bauernherbst-in-wagrain-tradition-im-salzburger-pongau\/","url":"https:\/\/stegner-busreisen.at\/index.php\/tours\/almabtrieb-und-bauernherbst-in-wagrain-tradition-im-salzburger-pongau\/","name":"Almabtrieb und Bauernherbst in Wagrain - Tradition im Salzburger Pongau - Stegner Busreisen ****","isPartOf":{"@id":"https:\/\/stegner-busreisen.at\/#website"},"primaryImageOfPage":{"@id":"https:\/\/stegner-busreisen.at\/index.php\/tours\/almabtrieb-und-bauernherbst-in-wagrain-tradition-im-salzburger-pongau\/#primaryimage"},"image":{"@id":"https:\/\/stegner-busreisen.at\/index.php\/tours\/almabtrieb-und-bauernherbst-in-wagrain-tradition-im-salzburger-pongau\/#primaryimage"},"thumbnailUrl":"https:\/\/stegner-busreisen.at\/wp-content\/uploads\/2025\/12\/18_Wagrain-Kleinarl_Almabtrieb_cBeneOberhuber-scaled.jpg","datePublished":"2025-11-25T09:46:14+00:00","dateModified":"2025-12-11T12:22:54+00:00","breadcrumb":{"@id":"https:\/\/stegner-busreisen.at\/index.php\/tours\/almabtrieb-und-bauernherbst-in-wagrain-tradition-im-salzburger-pongau\/#breadcrumb"},"inLanguage":"de","potentialAction":[{"@type":"ReadAction","target":["https:\/\/stegner-busreisen.at\/index.php\/tours\/almabtrieb-und-bauernherbst-in-wagrain-tradition-im-salzburger-pongau\/"]}]},{"@type":"ImageObject","inLanguage":"de","@id":"https:\/\/stegner-busreisen.at\/index.php\/tours\/almabtrieb-und-bauernherbst-in-wagrain-tradition-im-salzburger-pongau\/#primaryimage","url":"https:\/\/stegner-busreisen.at\/wp-content\/uploads\/2025\/12\/18_Wagrain-Kleinarl_Almabtrieb_cBeneOberhuber-scaled.jpg","contentUrl":"https:\/\/stegner-busreisen.at\/wp-content\/uploads\/2025\/12\/18_Wagrain-Kleinarl_Almabtrieb_cBeneOberhuber-scaled.jpg","width":2560,"height":1700,"caption":"Almabtrieb durch Wagrain"},{"@type":"BreadcrumbList","@id":"https:\/\/stegner-busreisen.at\/index.php\/tours\/almabtrieb-und-bauernherbst-in-wagrain-tradition-im-salzburger-pongau\/#breadcrumb","itemListElement":[{"@type":"ListItem","position":1,"name":"Home","item":"https:\/\/stegner-busreisen.at\/"},{"@type":"ListItem","position":2,"name":"Reisen","item":"https:\/\/stegner-busreisen.at\/index.php\/Reisen\/"},{"@type":"ListItem","position":3,"name":"Almabtrieb und Bauernherbst in Wagrain &#8211; Tradition im Salzburger Pongau"}]},{"@type":"WebSite","@id":"https:\/\/stegner-busreisen.at\/#website","url":"https:\/\/stegner-busreisen.at\/","name":"Stegner Busreisen ****","description":"Gehen Sie mit uns auf Reisen.","publisher":{"@id":"https:\/\/stegner-busreisen.at\/#organization"},"potentialAction":[{"@type":"SearchAction","target":{"@type":"EntryPoint","urlTemplate":"https:\/\/stegner-busreisen.at\/?s={search_term_string}"},"query-input":{"@type":"PropertyValueSpecification","valueRequired":true,"valueName":"search_term_string"}}],"inLanguage":"de"},{"@type":"Organization","@id":"https:\/\/stegner-busreisen.at\/#organization","name":"Stegner Busreisen ****","url":"https:\/\/stegner-busreisen.at\/","logo":{"@type":"ImageObject","inLanguage":"de","@id":"https:\/\/stegner-busreisen.at\/#\/schema\/logo\/image\/","url":"https:\/\/stegner-busreisen.at\/wp-content\/uploads\/2022\/02\/logo-2.png","contentUrl":"https:\/\/stegner-busreisen.at\/wp-content\/uploads\/2022\/02\/logo-2.png","width":189,"height":80,"caption":"Stegner Busreisen ****"},"image":{"@id":"https:\/\/stegner-busreisen.at\/#\/schema\/logo\/image\/"}}]}},"publishpress_future_action":{"enabled":true,"date":"2026-09-19 01:00:00","action":"change-status","newStatus":"draft","terms":[0],"taxonomy":"includes"},"publishpress_future_workflow_manual_trigger":{"enabledWorkflows":[]},"cmb2":{"tour_general":{"tour_id":"","tour_from_date":"","tour_to_date":"","tour_cancellation_policy":"","tour_departure_city":"","tour_end_city":"","tour_maximum_people":"","tour_contract":"","tour_header_image":"http:\/\/stegner-busreisen.at\/wp-content\/uploads\/2025\/12\/18_Wagrain-Kleinarl_Almabtrieb_cBeneOberhuber-scaled.jpg","tour_header_image_id":"3366","tour_gallery":{"3366":"http:\/\/stegner-busreisen.at\/wp-content\/uploads\/2025\/12\/18_Wagrain-Kleinarl_Almabtrieb_cBeneOberhuber-scaled.jpg"},"tour_plans":"","tour_video":"","tour_add_to_slider":"on","tour_slider_image":"http:\/\/stegner-busreisen.at\/wp-content\/uploads\/2025\/12\/18_Wagrain-Kleinarl_Almabtrieb_cBeneOberhuber-scaled.jpg","tour_slider_image_id":"3366","tour_best_time_to_visit":"","tour_before_you_go":"","tour_highlights":"","tour_parent_tour":""},"tour_flags":{"tour_featured":"","tour_sticky":"","tour_reduced":"","tour_sold":""},"tour_contact":{"tour_contact_name":"","tour_contact_phone":""},"tour_pricing":{"tour_price":"","tour_discount_rate":"","tour_sale_price":"48","tour_price_prefix":"","tour_price_suffix":"","tour_price_custom":""},"tour_adult_pricing":{"tour_adult_age_range":"","tour_adult_price":"","tour_adult_price_desc":"","tour_adult_price_prefix":"","tour_adult_price_suffix":"","tour_adult_price_custom":"","tour_adult_discount_price":""},"tour_senior_pricing":{"tour_senior_age_range":"","tour_senior_price":"","tour_senior_price_desc":"","tour_senior_price_prefix":"","tour_senior_price_suffix":"","tour_senior_price_custom":"","tour_senior_discount_price":""},"tour_child_pricing":{"tour_child_age_range":"","tour_child_price":"","tour_child_price_desc":"","tour_child_price_prefix":"","tour_child_price_suffix":"","tour_child_price_custom":"","tour_child_discount_price":""},"tour_attributes":{"tour_days":"","tour_nights":"","tour_hours":"","tour_minutes":""},"tour_faq":{"tour_faq_group":""},"tour_public_facilities":{"tour_public_facilities_group":[{"tour_public_facilities_key":"0"}]},"tour_programs":{"tour_programs_group":""},"tour_map_location":{"tour_address":"","tour_map_location":{"latitude":"","longitude":""}},"tour_relations":{"tour_agents":""},"tour_product_info":{"tour_product_id":"3367"},"tour_single_page_style":{"tour_page_style":""}},"_links":{"self":[{"href":"https:\/\/stegner-busreisen.at\/index.php\/wp-json\/wp\/v2\/tour\/3365","targetHints":{"allow":["GET"]}}],"collection":[{"href":"https:\/\/stegner-busreisen.at\/index.php\/wp-json\/wp\/v2\/tour"}],"about":[{"href":"https:\/\/stegner-busreisen.at\/index.php\/wp-json\/wp\/v2\/types\/tour"}],"author":[{"embeddable":true,"href":"https:\/\/stegner-busreisen.at\/index.php\/wp-json\/wp\/v2\/users\/4"}],"replies":[{"embeddable":true,"href":"https:\/\/stegner-busreisen.at\/index.php\/wp-json\/wp\/v2\/comments?post=3365"}],"wp:featuredmedia":[{"embeddable":true,"href":"https:\/\/stegner-busreisen.at\/index.php\/wp-json\/wp\/v2\/media\/3366"}],"wp:attachment":[{"href":"https:\/\/stegner-busreisen.at\/index.php\/wp-json\/wp\/v2\/media?parent=3365"}],"wp:term":[{"taxonomy":"post_tag","embeddable":true,"href":"https:\/\/stegner-busreisen.at\/index.php\/wp-json\/wp\/v2\/tags?post=3365"},{"taxonomy":"includes","embeddable":true,"href":"https:\/\/stegner-busreisen.at\/index.php\/wp-json\/wp\/v2\/includes?post=3365"},{"taxonomy":"statuses","embeddable":true,"href":"https:\/\/stegner-busreisen.at\/index.php\/wp-json\/wp\/v2\/statuses?post=3365"},{"taxonomy":"locations","embeddable":true,"href":"https:\/\/stegner-busreisen.at\/index.php\/wp-json\/wp\/v2\/locations?post=3365"},{"taxonomy":"group_types","embeddable":true,"href":"https:\/\/stegner-busreisen.at\/index.php\/wp-json\/wp\/v2\/group_types?post=3365"},{"taxonomy":"tour_types","embeddable":true,"href":"https:\/\/stegner-busreisen.at\/index.php\/wp-json\/wp\/v2\/tour_types?post=3365"},{"taxonomy":"facilities","embeddable":true,"href":"https:\/\/stegner-busreisen.at\/index.php\/wp-json\/wp\/v2\/facilities?post=3365"},{"taxonomy":"languages","embeddable":true,"href":"https:\/\/stegner-busreisen.at\/index.php\/wp-json\/wp\/v2\/languages?post=3365"},{"taxonomy":"service_types","embeddable":true,"href":"https:\/\/stegner-busreisen.at\/index.php\/wp-json\/wp\/v2\/service_types?post=3365"}],"curies":[{"name":"wp","href":"https:\/\/api.w.org\/{rel}","templated":true}]}}